{"id":217,"date":"2018-12-19T14:58:22","date_gmt":"2018-12-19T13:58:22","guid":{"rendered":"http:\/\/www.a3ce.org\/?page_id=217"},"modified":"2022-12-15T14:43:29","modified_gmt":"2022-12-15T13:43:29","slug":"textes-fondateurs","status":"publish","type":"page","link":"https:\/\/www.a3ce.org\/index.php\/textes-fondateurs\/","title":{"rendered":"Textes fondateurs"},"content":{"rendered":"<p><strong> Novembre 2022, <a href=\"https:\/\/www.a3ce.org\/wp-content\/uploads\/2022\/12\/2022_1117_Arrete_renouvellement_A3CE.pdf\" target=\"_blank\" rel=\"noopener\">Arr\u00eat\u00e9 pr\u00e9fectoral<\/a> actant le renouvellement des membres de juin 2022<\/strong><\/p>\n<p><strong>Juin 2022 : lire le rapport Montaigne : <a href=\"https:\/\/www.a3ce.org\/wp-content\/uploads\/2022\/06\/lavenir-se-joue-dans-les-quartiers-pauvres-resume-o.pdf\" target=\"_blank\" rel=\"noopener\">l\u2019avenir se joue dans les quartiers pauvres<\/a> (r\u00e9sum\u00e9)<\/strong><\/p>\n<p><strong>Octobre 2021 : l&rsquo;ANCT publie un guide pratique : <a href=\"https:\/\/www.a3ce.org\/wp-content\/uploads\/2021\/12\/ANCT_Guide_pratique_Agir_ConseilsCitoyens.pdf\" target=\"_blank\" rel=\"noopener\">Les Conseils Citoyens, un levier au service de la participation des habitants<\/a><\/strong><\/p>\n<p><strong>Septembre 2021 : l&rsquo;ANCT publie un <a href=\"https:\/\/www.a3ce.org\/wp-content\/uploads\/2021\/12\/ANCT_Vade_mecum_elu_ConseilsCitoyens.pdf\" target=\"_blank\" rel=\"noopener\">Vade-Mecum des Conseils Citoyens<\/a> pour l&rsquo;\u00e9lu local<\/strong><\/p>\n<p><strong>18 f\u00e9vrier 2021 &#8211; <a href=\"https:\/\/www.a3ce.org\/wp-content\/uploads\/2021\/02\/circulaire_n_6247_SG_du_18_fevrier_2021___Mise_en_uvre_des_annonces_du____.pdf\" target=\"_blank\" rel=\"noopener\">Circulaire<\/a> minist\u00e9riel concernant les QPV et le plan de relance. <a href=\"https:\/\/www.a3ce.org\/wp-content\/uploads\/2021\/02\/Tableau_des_mesures_ayant_un_impact_particulier_dans_les_QPV.pdf\" target=\"_blank\" rel=\"noopener\">Tableau<\/a> des mesures ayant un impact dans les QPV<\/strong><\/p>\n<p><strong>29 janvier 2021 \u2013 <a href=\"https:\/\/acteurs.lagrandeequipe.fr\/ng\/app\/filebank\/31\/documents\/3159\" target=\"_blank\" rel=\"noreferrer noopener\" data-type=\"URL\" data-id=\"https:\/\/acteurs.lagrandeequipe.fr\/ng\/app\/filebank\/31\/documents\/3159\">annonce<\/a> gouvernementale de nouvelles mesures en faveur des 1514 QPV<\/strong><\/p>\n<p><strong>vendredi 24 janvier 2020 \u2013 <a href=\"https:\/\/www.a3ce.org\/wp-content\/uploads\/2020\/01\/20200126_compte_rendu_AG_2019_site.pdf\" target=\"_blank\" rel=\"noopener noreferrer\">Assembl\u00e9e G\u00e9n\u00e9rale<\/a> de l\u2019association Conseil Citoyen<\/strong><\/p>\n<p><strong>30 septembre 2019, r\u00e9union des membres du Conseil Citoyen, la <a href=\"https:\/\/www.a3ce.org\/wp-content\/uploads\/2019\/09\/20190930-pr\u00e9sentation-r\u00e9union-membres-avec-pj.pdf\" target=\"_blank\" rel=\"noopener noreferrer\">pr\u00e9sentation<\/a><\/strong><\/p>\n<p><strong>13 Juin 2019 &#8211; le gouvernement affiche ses priorit\u00e9s pour les Quartiers Prioritaires de la Ville<\/strong>, <a href=\"https:\/\/www.a3ce.org\/wp-content\/uploads\/2019\/09\/20190619-la-grande-\u00e9quipe-de-la-r\u00e9ussite-r\u00e9publicaine-r\u00e9ussir-ensemble-o.pdf\" target=\"_blank\" rel=\"noreferrer noopener\" aria-label=\"lire le document (ouverture dans un nouvel onglet)\">lire le document<\/a> <strong>complet,<\/strong> <strong>lire l&rsquo;<a href=\"https:\/\/www.a3ce.org\/wp-content\/uploads\/2019\/09\/20190619-les-engagements-de-l\u00e9tat-pour-les-Conseils-Citoyens.pdf\" target=\"_blank\" rel=\"noreferrer noopener\" aria-label=\"extrait (ouverture dans un nouvel onglet)\">extrait<\/a> d\u00e9finissant les 10 <\/strong>engagements <strong>pour les Conseils Citoyens<\/strong><\/p>\n<p><strong>Avril 2019 &#8211; Avis sur les recommandations de la commission nationale du d\u00e9bat public sur les conseils citoyens<\/strong><\/p>\n<p>&nbsp;<strong>12 mars 2019 &#8211; Assembl\u00e9e g\u00e9n\u00e9rale du conseil citoyen de Corbeil-Essonnes,<\/strong> <a href=\"https:\/\/www.a3ce.org\/wp-content\/uploads\/2019\/03\/20190312-pr\u00e9sentation-AGo-du-12-mars-2019.pdf\" target=\"_blank\" rel=\"noreferrer noopener\" aria-label=\"la pr\u00e9sentation (ouverture dans un nouvel onglet)\">la pr\u00e9sentation<\/a>, <a href=\"https:\/\/www.a3ce.org\/wp-content\/uploads\/2019\/03\/20190313-A3CE-membres-du-bureau-2019.pdf\">le bureau 2019<\/a><\/p>\n<p><strong>28 janvier 2019 &#8211; <a href=\"https:\/\/www.a3ce.org\/wp-content\/uploads\/2019\/02\/20190128-CNDP-Rapport-democratie-et-conseil-citoyen.pdf\">Rapport<\/a> de la Commission Nationale du D\u00e9bat Public sur les Conseils Citoyens, la <a href=\"https:\/\/www.a3ce.org\/wp-content\/uploads\/2019\/02\/20190128-CNDP-Rapport-synth\u00e8se.pdf\">synth\u00e8se<\/a>, le <a href=\"https:\/\/www.a3ce.org\/wp-content\/uploads\/2019\/02\/20190128-CNDP-Rapport-communiqu\u00e9-de-presse.pdf\">communiqu\u00e9 de presse<\/a><\/strong><br><strong><a href=\"http:\/\/www.a3ce.org\/wp-content\/uploads\/2018\/12\/20181017-A3CE-statuts-sign\u00e9s.pdf\" target=\"_blank\" rel=\"noreferrer noopener\">Statuts de l&rsquo;Association 2018<\/a><\/strong><\/p>\n<p><a href=\"https:\/\/www.a3ce.org\/wp-content\/uploads\/2019\/01\/Referentielconseilcitoyen_cahier3_conseils_conseillers_citoyens.pdf\" target=\"_blank\" rel=\"noreferrer noopener\" aria-label=\"Le Conseil Citoyen et le Conseiller Citoyen - nov 2018 (ouverture dans un nouvel onglet)\"><strong>Le Conseil Citoyen et le Conseiller Citoyen &#8211; nov 2018<\/strong><\/a><\/p>\n<p>Formation re\u00e7ue 2017 : <a href=\"http:\/\/www.a3ce.org\/wp-content\/uploads\/2018\/12\/Support-Politique-Ville_CRPVE_30.09.17-o.pdf\" target=\"_blank\" rel=\"noreferrer noopener\" aria-label=\"Politique de la ville (ouverture dans un nouvel onglet)\"><strong>Politique de la ville<\/strong><\/a><strong>, <\/strong><a href=\"http:\/\/www.a3ce.org\/wp-content\/uploads\/2018\/12\/201711-Cadre-de-vie-et-renouvellement-urbain.pdf\" target=\"_blank\" rel=\"noreferrer noopener\" aria-label=\"Cadre de vie et renouvellement urbain (ouverture dans un nouvel onglet)\"><strong>Cadre de vie et renouvellement urbain<\/strong><\/a><\/p>\n<p><strong><a href=\"http:\/\/www.a3ce.org\/wp-content\/uploads\/2018\/12\/Fiche-outil-du-Conseil-Citoyen.pdf\" target=\"_blank\" rel=\"noreferrer noopener\" aria-label=\"Fiche outil du Conseil Citoyen (r\u00e9sum\u00e9 de la loi et du cadre de r\u00e9f\u00e9rence) (ouverture dans un nouvel onglet)\">Fiche outil du Conseil Citoyen (r\u00e9sum\u00e9 de la loi et du cadre de r\u00e9f\u00e9rence)<\/a><\/strong><\/p>\n<p><strong><a href=\"http:\/\/www.a3ce.org\/wp-content\/uploads\/2018\/12\/circulaire_du_2_fevrier_2017_relative_aux_conseils_citoyens-o.pdf\">Circulaire minist\u00e9rielle du 2 f\u00e9vrier_2017_relative_aux_conseils_citoyens<\/a><\/strong><br><strong><a href=\"http:\/\/www.a3ce.org\/wp-content\/uploads\/2018\/12\/fiche_pedagogique_politique_de_la_ville.pdf\" target=\"_blank\" rel=\"noreferrer noopener\" aria-label=\"fiche_p\u00e9dagogique_politique_de_la_ville (ouverture dans un nouvel onglet)\">Fiche_p\u00e9dagogique_politique_de_la_ville<\/a><\/strong><a href=\"http:\/\/www.corbessenv.org\/wp-content\/uploads\/2018\/10\/circulaire_du_2_fevrier_2017_relative_aux_conseils_citoyens-o.pdfhttp:\/\/www.a3ce.org\/wp-content\/uploads\/2018\/12\/les-conseils-citoyens.pdf\" target=\"_blank\" rel=\"noreferrer noopener\" aria-label=\" (ouverture dans un nouvel onglet)\"><br><\/a><a href=\"http:\/\/www.a3ce.org\/wp-content\/uploads\/2018\/12\/les-conseils-citoyens.pdf\"> L<\/a><strong><a href=\"http:\/\/www.a3ce.org\/wp-content\/uploads\/2018\/12\/les-conseils-citoyens.pdf\">es conseils citoyens \u2013 mars 2015<\/a><\/strong><a href=\"http:\/\/www.corbessenv.org\/wp-content\/uploads\/2018\/10\/circulaire_du_2_fevrier_2017_relative_aux_conseils_citoyens-o.pdfhttp:\/\/www.a3ce.org\/wp-content\/uploads\/2018\/12\/les-conseils-citoyens.pdf\" target=\"_blank\" rel=\"noreferrer noopener\" aria-label=\" (ouverture dans un nouvel onglet)\"><br><\/a> <strong><a href=\"http:\/\/www.a3ce.org\/wp-content\/uploads\/2018\/12\/Conseils-citoyens-Cadre-de-reference.pdf\" target=\"_blank\" rel=\"noreferrer noopener\" aria-label=\"Cadre-de-reference-conseils-citoyens (ouverture dans un nouvel onglet)\">Cadre-de-reference-conseils-citoyens<\/a><\/strong><br><strong><a href=\"http:\/\/www.a3ce.org\/wp-content\/uploads\/2018\/12\/CHARTE-DES-CONSEILS-CITOYENS-nov-2015.pdf\" target=\"_blank\" rel=\"noreferrer noopener\" aria-label=\"Charte du Conseil Citoyen de Corbeil-Essonnes \u2013 nov 2015 (ouverture dans un nouvel onglet)\">Charte du Conseil Citoyen de Corbeil-Essonnes \u2013 nov 2015<\/a><\/strong><br><a href=\"https:\/\/sig.ville.gouv.fr\/adresses\/recherche\" target=\"_blank\" rel=\"noreferrer noopener\"><strong>Rechercher si une adresse figure dans le p\u00e9rim\u00e8tre d\u2019un QPV<\/strong><\/a><br><a href=\"https:\/\/sig.ville.gouv.fr\/Cartographie\/QP091002\" target=\"_blank\" rel=\"noreferrer noopener\"><strong>Le p\u00e9rim\u00e8tre du QPV \u00ab&nbsp;Les Tarter\u00eats&nbsp;\u00bb<\/strong><\/a><br><a href=\"https:\/\/sig.ville.gouv.fr\/Cartographie\/QP091003\" target=\"_blank\" rel=\"noreferrer noopener\"><strong>Le p\u00e9rim\u00e8tre du QPV \u00ab&nbsp;Montconseil-Ermitage&nbsp;\u00bb<\/strong><\/a><br><a href=\"https:\/\/sig.ville.gouv.fr\/Cartographie\/QP091005\" target=\"_blank\" rel=\"noreferrer noopener\"><strong>Le p\u00e9rim\u00e8tre du QPV \u00ab&nbsp;Rive Droite-Centre ancien&nbsp;\u00bb<\/strong><\/a><br><a href=\"https:\/\/sig.ville.gouv.fr\/Cartographie\/QP091004\" target=\"_blank\" rel=\"noreferrer noopener\"><strong>Le p\u00e9rim\u00e8tre du QPV \u00ab&nbsp;La Nacelle&nbsp;\u00bb<\/strong><\/a><br><strong><a href=\"https:\/\/www.cget.gouv.fr\/\" target=\"_blank\" rel=\"noreferrer noopener\" aria-label=\" (ouverture dans un nouvel onglet)\">Le site du CGET (Commissariat G\u00e9n\u00e9ral \u00e0 l\u2019\u00e9galit\u00e9 des Territoires)<\/a><\/strong><\/p>\n<p>&nbsp;<\/p>\n<p><a href=\"http:\/\/www.crpve91.fr\" target=\"_blank\" rel=\"noopener noreferrer\"><strong>Le site du CRPVE (Centre de Ressources en Politique de la Ville en Essonne)<\/strong><\/a><\/p>\n<p>&nbsp;<\/p>\n<p>&nbsp;<\/p>\n<p>&nbsp;<\/p>\n<p>&nbsp;<\/p>\n\n\n<p><\/p>\n\n\n\n<p><\/p>\n","protected":false},"excerpt":{"rendered":"<p>Novembre 2022, Arr\u00eat\u00e9 pr\u00e9fectoral actant le renouvellement des membres de juin 2022 Juin 2022 : lire le rapport Montaigne : l\u2019avenir se joue dans les quartiers pauvres (r\u00e9sum\u00e9) Octobre 2021 : l&rsquo;ANCT publie un guide pratique : Les Conseils Citoyens, un levier au service de la participation des habitants Septembre 2021 : l&rsquo;ANCT publie un<br \/><a href=\"https:\/\/www.a3ce.org\/index.php\/textes-fondateurs\/\" class=\"more\">Lire la suite<\/a><\/p>\n","protected":false},"author":1,"featured_media":0,"parent":0,"menu_order":0,"comment_status":"closed","ping_status":"closed","template":"","meta":{"ngg_post_thumbnail":0,"footnotes":""},"class_list":["post-217","page","type-page","status-publish","hentry"],"_links":{"self":[{"href":"https:\/\/www.a3ce.org\/index.php\/wp-json\/wp\/v2\/pages\/217","targetHints":{"allow":["GET"]}}],"collection":[{"href":"https:\/\/www.a3ce.org\/index.php\/wp-json\/wp\/v2\/pages"}],"about":[{"href":"https:\/\/www.a3ce.org\/index.php\/wp-json\/wp\/v2\/types\/page"}],"author":[{"embeddable":true,"href":"https:\/\/www.a3ce.org\/index.php\/wp-json\/wp\/v2\/users\/1"}],"replies":[{"embeddable":true,"href":"https:\/\/www.a3ce.org\/index.php\/wp-json\/wp\/v2\/comments?post=217"}],"version-history":[{"count":59,"href":"https:\/\/www.a3ce.org\/index.php\/wp-json\/wp\/v2\/pages\/217\/revisions"}],"predecessor-version":[{"id":2464,"href":"https:\/\/www.a3ce.org\/index.php\/wp-json\/wp\/v2\/pages\/217\/revisions\/2464"}],"wp:attachment":[{"href":"https:\/\/www.a3ce.org\/index.php\/wp-json\/wp\/v2\/media?parent=217"}],"curies":[{"name":"wp","href":"https:\/\/api.w.org\/{rel}","templated":true}]}}