{"id":257,"date":"2018-12-19T15:48:22","date_gmt":"2018-12-19T14:48:22","guid":{"rendered":"http:\/\/www.a3ce.org\/?page_id=257"},"modified":"2024-07-15T09:43:25","modified_gmt":"2024-07-15T07:43:25","slug":"nos-actions","status":"publish","type":"page","link":"https:\/\/www.a3ce.org\/index.php\/nos-actions\/","title":{"rendered":"Nos actions"},"content":{"rendered":"\n<p><strong>Avril 2024 &#8211; Le Conseil Citoyen publie son avis sur la participation citoyenne dans le cadre de l&rsquo;\u00e9laboration du contrat de ville 2024-2030 :<\/strong><\/p>\n\n\n\n<p><strong>participation des citoyens dans l\u2019\u00e9criture de l\u2019avenir de leur quartier<br>Avis du Conseil Citoyen de Corbeil\u2010Essonnes<br>Participation citoyenne<br>Enjeux et priorit\u00e9s du nouveau contrat de ville 2024\u20102030<br><a href=\"https:\/\/www.a3ce.org\/wp-content\/uploads\/2024\/07\/2043_0402_Avis_conseil_citoyen_participation_contrat-de-ville_2024-2030.pdf\">Version 2 avril 2024<\/a><\/strong><\/p>\n\n\n\n<p><strong>5 ao\u00fbt 2023 : notre animation Rive Droite parc Darblay se d\u00e9roule sous un ciel pluvieux, voir la <a href=\"https:\/\/www.a3ce.org\/wp-content\/uploads\/2023_0805_QE23_RD_H264_UHD_10.mp4\" target=\"_blank\" rel=\"noreferrer noopener\">video<\/a> de la journ\u00e9e<\/strong><\/p>\n\n\n\n<p><strong>Juin 2023 : d\u00e9couvrez le programme des animations d\u2019\u00e9t\u00e9 organis\u00e9es dans chacun des QPVs en juillet et ao\u00fbt<\/strong> <strong>par le Conseil Citoyen et les association<\/strong>s<strong> :<\/strong><\/p>\n\n\n<p><img decoding=\"async\" src=\"https:\/\/www.a3ce.org\/wp-content\/uploads\/2023\/06\/AFFICHE-ANIMATION-ETE-2023-A3CE.jpg\"><\/p>\n<p><strong>15 Mai 2023, l&rsquo;association D\u00e9clic du Citoyen plants l&rsquo;<a href=\"https:\/\/www.a3ce.org\/wp-content\/uploads\/video\/2023_0515_Arbre_Tarter\u00eats_D\u00e9clicduCitoyen_H264_UHD_8.mp4\" target=\"_blank\" rel=\"noreferrer noopener\">arbre<\/a> au sein du parc Aim\u00e9 C\u00e9saire<\/strong><\/p>\n<p><strong>12 mai 2023, inauguration de la <\/strong><a href=\"https:\/\/www.a3ce.org\/wp-content\/uploads\/video\/2023-0512_a3ce_Boites\u00e0livres_UHD_H264_8.mp4\" target=\"_blank\" rel=\"noreferrer noopener\"><strong>boite \u00e0 livre<\/strong>s<\/a><strong> Rive Droite et des images de l\u2019inauguration des boites \u00e0 livres de La Nacelle avec l\u2019association \u00ab&nbsp;La Maison de l\u2019Espoir&nbsp;\u00bb<\/strong><\/p>\n<p><strong>14 d\u00e9cembre 2022, le conseil citoyen r\u00e9unit des associations travaillant dans les QPVs, les membres du Conseil Citoyen, les professionnels de la politique de la ville, des repr\u00e9sentants des bailleurs, en pr\u00e9sence de Mme la Pr\u00e9f\u00e8te D\u00e9l\u00e9gu\u00e9e \u00e0 l\u2019\u00c9galit\u00e9 des Chances. Les th\u00e8mes d\u00e9velopp\u00e9s sont : la <a href=\"https:\/\/www.a3ce.org\/wp-content\/uploads\/2022\/12\/2022_1214_Participation_Citoyenne.pdf\" target=\"_blank\" rel=\"noopener\">participation citoyenne<\/a>, les priorit\u00e9s des nouveaux contrats de ville en d\u00e9veloppement en 2023, les rapports <a href=\"https:\/\/www.a3ce.org\/wp-content\/uploads\/video\/2022_1214_video_policejusticepopulation_H264_HD_8_10.mp4\" target=\"_blank\" rel=\"noopener\">police justice population<\/a>, <a href=\"https:\/\/www.a3ce.org\/wp-content\/uploads\/video\/2022_1214_LMEF_H264_HD_8_10.mp4\" target=\"_blank\" rel=\"noopener\">l\u2019aide aux plus d\u00e9munis<\/a>, le travail fait par les associations dans les QPVs<\/strong><\/p>\n<p><strong>13 d\u00e9cembre 2022, le Conseil Citoyen est pr\u00e9sent lors de la semaine nationale de la participation, voir sa <\/strong><a href=\"https:\/\/www.a3ce.org\/wp-content\/uploads\/2022\/12\/2022_1213_CORBEIL-ESSONNES_Creer-du-lien-Mobiliser-les-habitants.pdf\" target=\"_blank\" rel=\"noopener\"><strong>pr\u00e9sentation<\/strong><\/a><\/p>\n<p><strong>15 septembre 2022 : le Conseil Citoyen r\u00e9unit ses 24 membres, 12 nouveaux et 12 anciens, apr\u00e8s le renouvellement du 30 juin 2022<\/strong><\/p>\n<p><strong>Animations d&rsquo;\u00e9t\u00e9 dans les 4 Quartiers Prioritaires de la ville \u00e0 destination des familles, en partenariat avec Parcours Solidaire, Les Mains de l&rsquo;Espoir Fran\u00e7ais, la Maison de l&rsquo;Espoir, D\u00e9clic du Citoyen. 1000 visiteurs sur les 4 journ\u00e9es, poneys, maquillage, jeux,&#8230;, <a href=\"https:\/\/www.a3ce.org\/wp-content\/uploads\/video\/2022_0709_a3ce_anim_Tarterets_H264_UHD_8_10.mp4\" target=\"_blank\" rel=\"noopener\">Tarter\u00eats<\/a>, <a href=\"https:\/\/www.a3ce.org\/wp-content\/uploads\/video\/2022_0711_a3ce_anim_LaNacelle_H264_UHD_8_10.mp4\" target=\"_blank\" rel=\"noopener\">La Nacelle<\/a>, Parc Darblay <a href=\"https:\/\/www.a3ce.org\/wp-content\/uploads\/video\/2022_0911_a3ce_anim_Darblay_H264_UHD_8_10.mp4\" target=\"_blank\" rel=\"noopener\">Rive Droite\/Centre Ancien<\/a><br \/><\/strong><\/p>\n<p><strong>Municipalit\u00e9 et agglom\u00e9ration communiquent : Il sera proc\u00e9d\u00e9 du 31 jeudi mars 2022 au vendredi 29 Avril 2022 inclus, \u00e0 une enqu\u00eate publique pr\u00e9alable \u00e0 la mise en \u0153uvre projet de renouvellement urbain, dans le quartier des Tarter\u00eats \u00e0 Corbeil-Essonnes. <a href=\"https:\/\/www.a3ce.org\/wp-content\/uploads\/2022\/04\/Enquete-publique-Tarterets-avril-2022.pdf\" target=\"_blank\" rel=\"noopener\">Lire l&rsquo;arr\u00eat\u00e9<\/a>.<br \/><\/strong><\/p>\n<p><strong>Le 16 novembre publie un <a href=\"https:\/\/www.a3ce.org\/wp-content\/uploads\/2021\/12\/20211109_Point-concertation-NPNRU.pdf\" target=\"_blank\" rel=\"noopener\">avis<\/a> sur la participation citoyenne au NPNRU.<\/strong><\/p>\n<p><strong>10 d\u00e9cembre 2021, la soir\u00e9e Politique de la ville associant professionnels, \u00e9lus et associations \u0153uvrant dans la politique de la ville est d\u00e9cal\u00e9e, suite \u00e0 l&rsquo;explosion des contaminations par la Covid-19. Meilleure date possible en f\u00e9vrier 2022<\/strong><\/p>\n<p><strong>Le 2 d\u00e9cembre 2021, A3CE anime 2 ateliers lors de la journ\u00e9e nationale des Conseils Citoyens sur le th\u00e8me \u00ab&nbsp;<a href=\"https:\/\/www.a3ce.org\/wp-content\/uploads\/2021\/12\/CORBEIL-ESSONNES_Mobilisation-habitants-V3.pdf\" target=\"_blank\" rel=\"noopener\">Mobilisation et Participation des habitants<\/a>\u00ab<\/strong><\/p>\n\n\n<p><strong>15 novembre 2021 : 11 adultes relais et animateurs associatifs re\u00e7oivent une formation pr\u00e9venir et g\u00e9rer les situations conflictuelles, formation assur\u00e9e par une avocate sp\u00e9cialis\u00e9e M\u00e9diatrice asserment\u00e9e pr\u00e8s la Cour d\u2019Appel de Paris<\/strong>, <strong>micro-projet du Conseil Citoyen. Lire le <a href=\"https:\/\/www.a3ce.org\/wp-content\/uploads\/2021\/12\/bilan-micro-projet-formation-conflits.pdf\" target=\"_blank\" rel=\"noreferrer noopener\">bilan<\/a><\/strong><\/p>\n\n\n\n<p><strong>Octobre &amp; Novembre 2021 : 60 jeunes des QPVs form\u00e9s \u00e0 la Pr\u00e9vention Secourisme premiers secours dans le cadre du programme \u00ab\u00a0Cit\u00e9 Educative\u00a0\u00bb par le Conseil Citoyen<\/strong><\/p>\n\n\n\n<p><\/p>\n\n\n\n<p><strong>Animations pour l&rsquo;\u00e9t\u00e9 2021 : <\/strong><\/p>\n\n\n\n<ul class=\"wp-block-list\">\n<li><strong><strong>300 visiteurs pour la ferme p\u00e9dagogique organis\u00e9 <\/strong>par <strong>le Conseil Citoyen au festival des Guinguettes dimanche 4 juillet Rive droite (voir la <a rel=\"noreferrer noopener\" href=\"https:\/\/www.a3ce.org\/wp-content\/uploads\/video\/2021_0704_guinguettesa3ce_H264_HD_8_10.mp4\" target=\"_blank\">video<\/a>), 326 au parc <a rel=\"noreferrer noopener\" href=\"https:\/\/www.a3ce.org\/wp-content\/uploads\/video\/2021_0708_A3CE_Darblay_H264_HD_8_10.mp4\" target=\"_blank\">Darblay<\/a> rive droite le 8 juillet et d\u00e9couvrez les animations organis\u00e9es par le Conseil Citoyen cet \u00e9t\u00e9 dans les quartiers : 332 visiteurs jeudi 22 juillet parc Aim\u00e9 C\u00e9saire dans les <a rel=\"noreferrer noopener\" href=\"https:\/\/www.a3ce.org\/wp-content\/uploads\/video\/2021_0722_a3ceCesaire_H264_HD_8_10.mp4\" target=\"_blank\">Tarter\u00eats<\/a><\/strong> , <strong>386 visiteurs samedi 31 juillet place du belv\u00e9d\u00e8re \u2013 rue des \u00e9rables \u00e0 <a rel=\"noreferrer noopener\" href=\"https:\/\/www.a3ce.org\/wp-content\/uploads\/video\/2021_0731_a3ce_Montconseil_H264_HD_8_10.mp4\" target=\"_blank\">Montconseil<\/a><\/strong>,<strong> 317 visiteurs samedi 28 juillet place d\u2019Alzira \u00e0 la <a rel=\"noreferrer noopener\" href=\"https:\/\/www.a3ce.org\/wp-content\/uploads\/video\/2021_0828_a3ceAlzira_H264_HD_8_10.mp4\" target=\"_blank\">Nacelle<\/a>, 355 visiteurs lundi 30 ao\u00fbt \u00e0 l\u2019<a rel=\"noreferrer noopener\" href=\"https:\/\/www.a3ce.org\/wp-content\/uploads\/video\/2021_0830_a3ceErmitage_H264_HD_8_10.mp4\" target=\"_blank\">Ermitage<\/a>, soit plus de 2000 visiteurs cet \u00e9t\u00e9 pour les animations organis\u00e9es par le Conseil Citoyen avec la participation des associations locales suivantes : Les mains de l\u2019Espoir Fran\u00e7ais, Arc en Ciel, La maison de l\u2019Espoir.<\/strong><\/strong><\/li>\n<\/ul>\n\n\n\n<ul class=\"wp-block-list\">\n<li><strong>Bravo aux animateurs : Magali pour Mamzelle makeup, Karine pour la Coccinelle \u00e0 7 points, Quentin pour l\u2019\u00e9cole de Grivery, Angelina pour les Zart-nimaux<\/strong><\/li>\n<\/ul>\n\n\n\n<ul class=\"wp-block-list\">\n<li><strong>Merci \u00e0 nos soutiens financiers et logistiques : I3F, Les R\u00e9sidences Yvelines, 1001Vies habitat, Essonne habitat, l\u2019Agence<\/strong> <strong>Nationale<\/strong> <strong>pour la Coh\u00e9sion des Territoires ANCT, Grand Paris Sud, la commune de Corbeil-Essonnes.<\/strong><\/li>\n<\/ul>\n\n\n\n<p><strong>6 juillet 2021 : le Conseil Citoyen publie ses <a href=\"https:\/\/www.a3ce.org\/wp-content\/uploads\/2021\/07\/20210706_A3CE-Rencontres_peres_referents.pdf\" target=\"_blank\" rel=\"noreferrer noopener\">observations<\/a> suite aux rencontres dans les quartiers traitant des violences entre bandes<\/strong><\/p>\n\n\n\n<p>J<strong>uin 2021 : le Conseil Citoyen s\u2019adresse \u00e0 ses membres et aux habitants des 4 QPVs : Ou en sommes nous et perspectives 2021 : le message en <a rel=\"noreferrer noopener\" href=\"https:\/\/www.a3ce.org\/wp-content\/uploads\/video\/20210624_A3CEjuin2021_H264_8_10_HD.mp4\" target=\"_blank\">video<\/a><\/strong><\/p>\n\n\n\n<p><strong>Samedi 30 janvier 2021 : Le Centre de Ressources Politique de la Ville en Essonne (CRPVE91) organise une <a rel=\"noreferrer noopener\" href=\"https:\/\/www.a3ce.org\/wp-content\/uploads\/video\/2021_0130_formation_crpve_conseils_citoyens_H264_8_10.mp4\" target=\"_blank\">formation<\/a> des Conseils Citoyens du D\u00e9partement<\/strong> <strong>avec la participation du Conseil Citoyen de Corbeil-Essonnes<\/strong><\/p>\n\n\n\n<p><strong>17 d\u00e9cembre 2020 : <a href=\"https:\/\/www.a3ce.org\/wp-content\/uploads\/2020\/12\/20201217 Diagnostic en marchant La Nacelle.pdf\" target=\"_blank\" rel=\"noreferrer noopener\">diagnostic<\/a> en marchant La Nacelle<\/strong><\/p>\n\n\n\n<p><strong>29 octobre 2020 : <a href=\"https:\/\/www.a3ce.org\/wp-content\/uploads\/2020\/12\/20201029 Diagnostic en marchant Rive Droite Centre Ancien.pdf\" target=\"_blank\" rel=\"noreferrer noopener\">diagnostic<\/a> en marchant Rive Droite\/Centre Ancien<\/strong><\/p>\n\n\n\n<p><strong>29 septembre 2020 : <a href=\"https:\/\/www.a3ce.org\/wp-content\/uploads\/2020\/12\/20200929 Diagnostic en marchant Montconseil.pdf\" target=\"_blank\" rel=\"noreferrer noopener\">diagnostic<\/a> en marchant Montconseil\/Ermitage<\/strong><\/p>\n\n\n\n<p><strong>9 novembre 2020 : <a rel=\"noopener noreferrer\" href=\"https:\/\/www.a3ce.org\/wp-content\/uploads\/2020\/11\/20201109-courrier-et-pj-axe-rive-droite.pdf\" target=\"_blank\">courrier<\/a> au maire, pr\u00e9sident du d\u00e9partement et pr\u00e9sident de l&rsquo;agglo demandant une action concert\u00e9e face au danger sur l&rsquo;axe rive droite en QPV de Corbeil-Essonnes<\/strong>.<strong> Lire \u00e9galement le rapport du diagnostic en marchant de la Rive Droite du 29 octobre<\/strong><\/p>\n\n\n\n<p><strong>Ao\u00fbt 2020 : 1143 visiteurs dans les 4 QPV pour la ferme dans la cit\u00e9 organis\u00e9 par le Conseil Citoyen<\/strong>, <strong>la <a rel=\"noreferrer noopener\" href=\"https:\/\/www.a3ce.org\/wp-content\/uploads\/video\/20200909_video_ferme_4QPV_H264_HD_8_10.mp4\" target=\"_blank\">video<\/a>, <a href=\"https:\/\/www.a3ce.org\/wp-content\/uploads\/video\/20200909_diaporama_a3ce_ferme_HD_H264_8_10.mp4\" target=\"_blank\" rel=\"noreferrer noopener\">le diaporama<\/a><\/strong><\/p>\n\n\n\n<p><strong>samedi 8 f\u00e9vrier 2020, <a href=\"https:\/\/www.a3ce.org\/wp-content\/uploads\/2020\/03\/20200208-photos-du-psc1-du-8-fevrier-2020.pdf\">formation<\/a> premier secours pour 14 personnes des 4 quartiers prioritaires de la ville <\/strong> <br><br><strong>vendredi 13 d\u00e9cembre <a rel=\"noreferrer noopener\" href=\"https:\/\/www.a3ce.org\/wp-content\/uploads\/2019\/12\/soir\u00e9e-CC-800.jpg\" target=\"_blank\">soir\u00e9e de fin d&rsquo;ann\u00e9e<\/a>, Conseil Citoyen, associations, politique de la ville, \u00e9lus, invit\u00e9s, voir la <\/strong><a href=\"https:\/\/www.a3ce.org\/wp-content\/uploads\/video\/20191213_video_latitude91.mp4\" target=\"_blank\" rel=\"noreferrer noopener\">video<\/a><strong>, voir le <a rel=\"noreferrer noopener\" href=\"https:\/\/www.a3ce.org\/wp-content\/uploads\/video\/191213ConseilCitoyenfetefin2019_H264_8_10.mp4\" target=\"_blank\">diaporama<\/a><\/strong><\/p>\n\n\n\n<p><strong>6 d\u00e9cembre 2019 :<\/strong> <strong>suite aux rencontres avec les habitants et institutions, le Conseil Citoyen fait la <a rel=\"noopener noreferrer\" href=\"https:\/\/www.a3ce.org\/wp-content\/uploads\/2019\/12\/20191206-Rencontre-avec-les-habitants-lettre-et-synth\u00e8se.pdf\" target=\"_blank\">synth\u00e8se<\/a> et le retour vers les habitants<\/strong><\/p>\n\n\n\n<p><strong>Samedi 16 novembre : rencontre nationale des Conseils Citoyens, 2 membres de Corbeil-Essonnes participent<\/strong><\/p>\n\n\n\n<p><strong>Dimanche 8 septembre : Forum des associations &amp; journ\u00e9e porte ouverte du site arch\u00e9ologique des Tarter\u00eats, voir la <a href=\"https:\/\/www.lesindestructibles.eu\/wp-content\/uploads\/Video\/190908Forumsite.mp4\" target=\"_blank\" rel=\"noreferrer noopener\" aria-label=\"video (ouverture dans un nouvel onglet)\">video<\/a> r\u00e9alis\u00e9e par le Conseil Citoyen<\/strong><\/p>\n\n\n\n<p><strong>Juin 2019 : Rencontre avec les habitants, calendrier et <\/strong><a href=\"https:\/\/www.a3ce.org\/wp-content\/uploads\/2019\/09\/2019-Conseil-Citoyen-de-Corbeil-Essonnes-fiche-action-2.pdf\" target=\"_blank\" rel=\"noreferrer noopener\" aria-label=\"D\u00e9tail de l'action (ouverture dans un nouvel onglet)\">D<\/a><strong><a href=\"https:\/\/www.a3ce.org\/wp-content\/uploads\/2019\/09\/2019-Conseil-Citoyen-de-Corbeil-Essonnes-fiche-action-2.pdf\" target=\"_blank\" rel=\"noreferrer noopener\" aria-label=\"D\u00e9tail de l'action (ouverture dans un nouvel onglet)\">\u00e9tail de l&rsquo;action<\/a><\/strong><\/p>\n\n\n\n<p><strong>11 mai &#8211; 6\u00e8me rencontre du r\u00e9seau d\u00e9partemental des Conseils Citoyens \u00e0 Grigny<\/strong><\/p>\n\n\n\n<p><strong>27 avril samedi \u2013 Maison de quartier Rive Droite 14:00H-17:30H :<a href=\"https:\/\/www.a3ce.org\/wp-content\/uploads\/video\/190427 a3ce d\u00e9fil\u00e9 des enfants H264 8 10.mp4\" target=\"_blank\" rel=\"noreferrer noopener\"> d\u00e9fil\u00e9<\/a> en costumes des pays du monde des enfants, \u00e9lection de la super miss et du super mister &amp; go\u00fbter offert<\/strong><\/p>\n\n\n\n<p><strong>Participation au r\u00e9seau d\u00e9partemental des Conseils Citoyens de l&rsquo;Essonne et r\u00e9daction de 2 fiches exp\u00e9rience : <a href=\"https:\/\/www.a3ce.org\/wp-content\/uploads\/2019\/01\/20190112-Fiche-capitalisation-Corbeil-Essonne-refonte.pdf\" target=\"_blank\" rel=\"noreferrer noopener\" aria-label=\"Refonte (ouverture dans un nouvel onglet)\">Refonte<\/a> et<a href=\"https:\/\/www.a3ce.org\/wp-content\/uploads\/2019\/01\/20190112-Fiche-capitalisation-Corbeil-Essonne-NPRNU.pdf\" target=\"_blank\" rel=\"noreferrer noopener\" aria-label=\" NPRNU (ouverture dans un nouvel onglet)\"> NPRNU<\/a><\/strong><\/p>\n\n\n\n<p><strong>Partenariat avec l\u2019association d\u2019arch\u00e9ologie <a href=\"http:\/\/www.arkeomedia.fr\/\" target=\"_blank\" rel=\"noreferrer noopener\" aria-label=\"Ark\u00e9om\u00e9dia (ouverture dans un nouvel onglet)\">Ark\u00e9om\u00e9dia<\/a> en charge des pr\u00e9parer le programme de fouilles devant d\u00e9marrer en 2019 sur un site des Tarter\u00eats. Le service culturel de la ville pr\u00e9sente <a href=\"http:\/\/www.a3ce.org\/wp-content\/uploads\/2018\/12\/20181208-histoire-du-quartier-des-Tarter\u00eats-o.pdf\" target=\"_blank\" rel=\"noreferrer noopener\" aria-label=\" (ouverture dans un nouvel onglet)\">l&rsquo;histoire<\/a> des Tarter\u00eats depuis ses premiers habitants.<\/strong><\/p>\n\n\n\n<p>2<strong>3 mars 2019 \u2013 <a rel=\"noreferrer noopener\" aria-label=\"Arch\u00e9ologie (ouverture dans un nouvel onglet)\" href=\"https:\/\/www.a3ce.org\/wp-content\/uploads\/video\/190323 Session 2 archeologie HD 8 10.mp4\" target=\"_blank\">Arch\u00e9ologie<\/a> sur la quartier des Tarter\u00eats, 14H-17H \u00e0 la maison des associatio<\/strong>ns<\/p>\n\n\n\n<p><strong>4<\/strong> <strong>f\u00e9vrier &#8211; le Pr\u00e9sident du Conseil Citoyen pr\u00e9sent lors du <a href=\"https:\/\/youtu.be\/gjcKeXAf2Oo\">grand d\u00e9bat national <\/a>avec M. le Pr\u00e9sident Macron<\/strong><\/p>\n\n\n\n<p><strong>2 f\u00e9vrier &#8211; R\u00e9union du r\u00e9seau d\u00e9partemental au relais citoyen, <a href=\"https:\/\/youtu.be\/olYH3WjK-C4\">1\u00e8re video<\/a>, <a href=\"https:\/\/youtu.be\/L3Jw93CKrWQ\">2\u00e8me partie<\/a>, <a href=\"https:\/\/www.a3ce.org\/wp-content\/uploads\/2019\/02\/190202 Diaporama R\u00e9seau Dpt CC HD 3 6.mp4\">diaporama<\/a><\/strong> <br><strong>29 janvier &#8211; R\u00e9union des membres au relais citoyen<\/strong><\/p>\n\n\n\n<p><strong>Avis donn\u00e9 sur le NPRNU des Tarter\u00eats (Nouveau Programme de R\u00e9novation Urbaine \u2013 ANRU II)<\/strong><\/p>\n\n\n\n<p><strong>Participation aux r\u00e9unions techniques dans le cadre du Contrat de Ville et contribution aux fiches GUSP (Gestion Urbaine de Proximit\u00e9)<\/strong><\/p>\n\n\n\n<p><strong>Loto associatif au <\/strong><a href=\"https:\/\/youtu.be\/8dqLhvxzJ_E\" target=\"_blank\" rel=\"noreferrer noopener\"><strong>b\u00e9n\u00e9fice<\/strong><\/a><strong> d\u2019une association humanitaire d\u2019aide aux personnes en grande pr\u00e9carit\u00e9 \u2013 2018<\/strong><\/p>\n\n\n\n<p><strong>Rencontre des <\/strong><a href=\"https:\/\/www.youtube.com\/watch?v=CYMD1bEyrL4\" target=\"_blank\" rel=\"noreferrer noopener\"><strong>Conseils Citoyens de l\u2019Essonne<\/strong><\/a><strong> \u2013 2018<\/strong><\/p>\n\n\n\n<p><strong><a href=\"http:\/\/www.a3ce.org\/wp-content\/uploads\/2018\/12\/20180401-02-Chasse-aux-oeufs-RD-Montconseil-Ermitage-1.pdf\" target=\"_blank\" rel=\"noreferrer noopener\" aria-label=\"Chasse aux \u0153ufs sur 2 QPV (ouverture dans un nouvel onglet)\">Chasse aux \u0153ufs sur 2 QPV<\/a> et participation \u00e0 la journ\u00e9e de la femme \u2013 2018<\/strong><\/p>\n\n\n\n<p><strong><a href=\"http:\/\/www.a3ce.org\/wp-content\/uploads\/2018\/12\/20171216-Rencontre-des-Conseils-Citoyens-de-lAgglo-GPS.pdf\" target=\"_blank\" rel=\"noreferrer noopener\" aria-label=\"Rencontre (ouverture dans un nouvel onglet)\">Rencontre<\/a> des Conseils Citoyens de l&rsquo;agglo GPS &#8211; d\u00e9cembre 2017<\/strong><\/p>\n\n\n\n<p><strong><a href=\"http:\/\/www.a3ce.org\/wp-content\/uploads\/2018\/12\/20171017-pr\u00e9sentation-du-CC-de-Corbeil-essonnes-r-bilan.pdf\" target=\"_blank\" rel=\"noreferrer noopener\" aria-label=\"Rencontre (ouverture dans un nouvel onglet)\">Rencontre<\/a> avec M. le pr\u00e9fet \u00e0 l&rsquo;\u00e9galit\u00e9 des chances &#8211; octobre 2017<\/strong><\/p>\n\n\n\n<p><strong><a href=\"http:\/\/www.a3ce.org\/wp-content\/uploads\/2018\/12\/20170930-affiche-ferme-\u00e0-la-cit\u00e9.pdf\" target=\"_blank\" rel=\"noreferrer noopener\" aria-label=\"La ferme \u00e0 la cit\u00e9 (ouverture dans un nouvel onglet)\">La ferme \u00e0 la cit\u00e9<\/a> \u2013 Rencontre des habitants avec un fermier et ses animaux \u2013 2017<\/strong><\/p>\n\n\n\n<p><strong>Rencontre &amp; Repas intercommunautaires Alg\u00e9rie \u2013 Maroc \u2013 Recettes du monde \u2013 2017<\/strong><\/p>\n\n\n\n<p><strong>Rencontre &amp; Repas intercommunautaires Togo \u2013 S\u00e9n\u00e9gal \u2013 Recettes du monde \u2013 2017<\/strong><\/p>\n\n\n\n<p><strong><a href=\"http:\/\/www.a3ce.org\/wp-content\/uploads\/2018\/12\/20141014-Restitution-Diagnostic-en-marchant-La-Nacelle-du-14-octobre-2014-r.pdf\" target=\"_blank\" rel=\"noreferrer noopener\">La Nacelle &#8211; Diagnostic en marchant &#8211; juillet 2014<\/a><\/strong><\/p>\n\n\n\n<p><strong><a href=\"http:\/\/www.a3ce.org\/wp-content\/uploads\/2018\/12\/20160216-TC\" target=\"_blank\" rel=\"noreferrer noopener\" aria-label=\"La Nacelle - Diagnostic en marchant - f\u00e9vrier 2016 (ouverture dans un nouvel onglet)\">La Nacelle &#8211; Diagnostic en marchant &#8211; f\u00e9vrier 2016<\/a><\/strong><\/p>\n\n\n\n<p><strong><a href=\"http:\/\/www.a3ce.org\/wp-content\/uploads\/2018\/12\/20140708-Restitution-Diagnostic-en-marchant-Montconseil-du-14-octobre-2014-r.pdf\" target=\"_blank\" rel=\"noreferrer noopener\" aria-label=\"Montconseil - Diagnostic en marchant - octobre 2014 (ouverture dans un nouvel onglet)\">Montconseil &#8211; Diagnostic en marchant &#8211; octobre 2014<\/a><\/strong><\/p>\n\n\n\n<p><strong><a href=\"http:\/\/www.a3ce.org\/wp-content\/uploads\/2018\/12\/20160503-Restitution-Diagnostic-en-marchant-Montconseil-mai-2016-r.pdf\" target=\"_blank\" rel=\"noreferrer noopener\" aria-label=\"Montconseil - Diagnostic en marchant - mai 2016 (ouverture dans un nouvel onglet)\">Montconseil &#8211; Diagnostic en marchant &#8211; mai 2016<\/a><\/strong><\/p>\n\n\n\n<p><strong><a href=\"http:\/\/www.a3ce.org\/wp-content\/uploads\/2018\/12\/20160517-Rive-Droite-Diagnostic-en-marchant-du-17-mai-2016-r.pdf\" target=\"_blank\" rel=\"noreferrer noopener\" aria-label=\"Rive Droite Centre ancien -  - Diagnostic en marchant - mai 2016 (ouverture dans un nouvel onglet)\">Rive Droite Centre ancien &#8211; Diagnostic en marchant &#8211; mai 2016<\/a><\/strong><\/p>\n\n\n\n<p><strong><a href=\"http:\/\/www.a3ce.org\/wp-content\/uploads\/2018\/12\/20170915-Diagnostic-en-marchant-Tarter\u00eats-du-1592017-r.pdf\" target=\"_blank\" rel=\"noreferrer noopener\" aria-label=\"Tarter\u00eats - Diagnostic en marchand - septembre 2017 (ouverture dans un nouvel onglet)\">Tarter\u00eats &#8211; Diagnostic en marchand &#8211; septembre 2017<\/a><\/strong><\/p>\n\n\n\n<p><strong><a href=\"http:\/\/www.a3ce.org\/wp-content\/uploads\/2018\/12\/20160324-Restitution-diagnostic-en-marchant-Tarter\u00eats-24032016.pdf\" target=\"_blank\" rel=\"noreferrer noopener\" aria-label=\"Tarter\u00eats - Diagnostic en marchant - mars 2016 (ouverture dans un nouvel onglet)\">Tarter\u00eats &#8211; Diagnostic en marchant &#8211; mars 2016<\/a><\/strong><\/p>\n","protected":false},"excerpt":{"rendered":"<p>Avril 2024 &#8211; Le Conseil Citoyen publie son avis sur la participation citoyenne dans le cadre de l&rsquo;\u00e9laboration du contrat de ville 2024-2030 : participation des citoyens dans l\u2019\u00e9criture de l\u2019avenir de leur quartierAvis du Conseil Citoyen de Corbeil\u2010EssonnesParticipation citoyenneEnjeux et priorit\u00e9s du nouveau contrat de ville 2024\u20102030Version 2 avril 2024 5 ao\u00fbt 2023 :<br \/><a href=\"https:\/\/www.a3ce.org\/index.php\/nos-actions\/\" class=\"more\">Lire la suite<\/a><\/p>\n","protected":false},"author":1,"featured_media":0,"parent":0,"menu_order":0,"comment_status":"closed","ping_status":"closed","template":"","meta":{"ngg_post_thumbnail":0,"footnotes":""},"class_list":["post-257","page","type-page","status-publish","hentry"],"_links":{"self":[{"href":"https:\/\/www.a3ce.org\/index.php\/wp-json\/wp\/v2\/pages\/257","targetHints":{"allow":["GET"]}}],"collection":[{"href":"https:\/\/www.a3ce.org\/index.php\/wp-json\/wp\/v2\/pages"}],"about":[{"href":"https:\/\/www.a3ce.org\/index.php\/wp-json\/wp\/v2\/types\/page"}],"author":[{"embeddable":true,"href":"https:\/\/www.a3ce.org\/index.php\/wp-json\/wp\/v2\/users\/1"}],"replies":[{"embeddable":true,"href":"https:\/\/www.a3ce.org\/index.php\/wp-json\/wp\/v2\/comments?post=257"}],"version-history":[{"count":146,"href":"https:\/\/www.a3ce.org\/index.php\/wp-json\/wp\/v2\/pages\/257\/revisions"}],"predecessor-version":[{"id":2577,"href":"https:\/\/www.a3ce.org\/index.php\/wp-json\/wp\/v2\/pages\/257\/revisions\/2577"}],"wp:attachment":[{"href":"https:\/\/www.a3ce.org\/index.php\/wp-json\/wp\/v2\/media?parent=257"}],"curies":[{"name":"wp","href":"https:\/\/api.w.org\/{rel}","templated":true}]}}